{"id":71495,"date":"2026-01-14T13:11:48","date_gmt":"2026-01-14T12:11:48","guid":{"rendered":"https:\/\/www.bonfiglioliconsulting.com\/?page_id=71495"},"modified":"2026-01-23T12:38:37","modified_gmt":"2026-01-23T11:38:37","slug":"assessment-organizzativo-per-pmi","status":"publish","type":"page","link":"https:\/\/www.bonfiglioliconsulting.com\/it\/servizi\/assessment-organizzativo-per-pmi\/","title":{"rendered":"Assessment Organizzativo per PMI"},"content":{"rendered":"<div id=\"saz-block-block_aebcabc605aa014ac1433d95155a43d2\" class=\"d-none saz-block saz-block-acf-hero-servizi  bg-light bg-hero-servizi-eventi hero_overlay_parent vv lazyload\"\n     style=\"background:inherit; background-size:cover;\" data-bg=\"url(https:\/\/www.bonfiglioliconsulting.com\/wp-content\/uploads\/2026\/01\/Sfondo-Hero-SOA.jpg) center top no-repeat transparent\">\n    <div class=\"hero_overlay\"><\/div>\n    <div class=\"container hero_content\">\n        <div class=\"row align-items-end\">\n            <div class=\"col-12\">\n                 \n                    <div class=\"mt-3 mb-2 text-white\"><div class=\"breadcrumbs\"><span property=\"itemListElement\" typeof=\"ListItem\"><a property=\"item\" typeof=\"WebPage\" title=\"Vai a Bonfiglioli Consulting.\" href=\"https:\/\/www.bonfiglioliconsulting.com\/it\" class=\"home\"><span property=\"name\">Home<\/span><\/a><meta property=\"position\" content=\"1\"><\/span><\/div><script type=\"application\/ld+json\">{\"@context\":\"http:\/\/schema.org\",\"@type\":\"BreadcrumbList\",\"itemListElement\":[{\"@type\":\"ListItem\",\"position\":1,\"item\":{\"@id\":\"https:\/\/www.bonfiglioliconsulting.com\/it\",\"name\":\"Bonfiglioli Consulting\"}}]}<\/script><\/div>\n                                \n                                    <h1 class=\"has-huge-font-size font-weight-bold mb-0 text-white\">Assessment Organizzativo per PMI<\/h1>\n                                                    <h2 class=\"has-medium-font-size my-3 font-weight-normal text-white\">La fotografia chiara e oggettiva per guidare crescita, trasformazione e continuit\u00e0 aziendale\r\n<\/h2>\n                                <div class=\"mb-5 pb-4 pb-md-5\"><\/div>\n            <\/div>\n        <\/div>\n    <\/div>\n    <svg class=\"onda-destra\" id=\"onda\" data-name=\"onda\" xmlns=\"http:\/\/www.w3.org\/2000\/svg\" viewBox=\"0 0 1000 180\"><path class=\"cls-1\" d=\"M0,180H1000V.4S458.72-.5,279.85.4c-49,.25-68.29,7.31-161.7,105.9C94.46,131.3,49.5,174.7,0,180Z\" transform=\"translate(0 0)\" style=\"fill: #ffffff\"\/><\/svg>\n<\/div>\n\n\n<section class=\"n_archive_hero lazyload\" style=\"background-image:inherit;\" data-bg-image=\"url(https:\/\/www.bonfiglioliconsulting.com\/wp-content\/uploads\/2026\/01\/Sfondo-Hero-SOA.jpg)\"> \n    <div class=\"container h-100 position-relative\">\n        <div class=\"d-flex items-center h-100\">\n            <div class=\"n_archive_hero_content align-self-end text-white\">\n                <div class=\"text-white\">\n                <div class=\"breadcrumbs\">\n                 \n                    <div class=\"mt-3 mb-2 text-white\"><div class=\"breadcrumbs\"><span property=\"itemListElement\" typeof=\"ListItem\"><a property=\"item\" typeof=\"WebPage\" title=\"Vai a Bonfiglioli Consulting.\" href=\"https:\/\/www.bonfiglioliconsulting.com\/it\" class=\"home\"><span property=\"name\">Home<\/span><\/a><meta property=\"position\" content=\"1\"><\/span><\/div><script type=\"application\/ld+json\">{\"@context\":\"http:\/\/schema.org\",\"@type\":\"BreadcrumbList\",\"itemListElement\":[{\"@type\":\"ListItem\",\"position\":1,\"item\":{\"@id\":\"https:\/\/www.bonfiglioliconsulting.com\/it\",\"name\":\"Bonfiglioli Consulting\"}}]}<\/script><\/div>\n                                <\/div>\n                <\/div>\n                \n                \n                \n                                      <h1 class=\"text-white text-white\">Assessment Organizzativo per PMI<\/h1>\n                                \n                                    <div class=\"n_archive_desc\"> \n                     <p class=\"text-white\">\n                       La fotografia chiara e oggettiva per guidare crescita, trasformazione e continuit\u00e0 aziendale\r\n                     <\/p>\n                    <\/div>  \n                                \n\n<\/div>\n        <\/div>\n    <\/div>\n    <div class=\"right_white_shape\">\n        <svg xmlns=\"http:\/\/www.w3.org\/2000\/svg\" viewBox=\"0 0 1000 180\">\n            <path class=\"cls-1\" d=\"M0,180H1000V.4S458.72-.5,279.85.4c-49,.25-68.29,7.31-161.7,105.9C94.46,131.3,49.5,174.7,0,180Z\" transform=\"translate(0 0)\"><\/path>\n        <\/svg>\n    <\/div>\n<\/section><div id=\"saz-block-id-3Vcdrta9e0Ms\" class=\"saz-block saz-block\"><div class=\"container\"><div class=\"row\"><div class=\"col-12 col-lg-8 offset-lg-2\">\n\n<\/div><\/div><\/div><\/div><div id=\"saz-block-id-MstVYAX9lRBs\" class=\"saz-block saz-block-core-spacer saz-block-height-40px\"><div class=\"container\"><div class=\"row\"><div class=\"col-12 col-lg-8 offset-lg-2\">\n<div style=\"height:40px\" aria-hidden=\"true\" class=\"wp-block-spacer\"><\/div>\n<\/div><\/div><\/div><\/div><div id=\"saz-block-id-roeK5gnzgFo7\" class=\"saz-block saz-block\"><div class=\"container\"><div class=\"row\"><div class=\"col-12 col-lg-8 offset-lg-2\">\n\n<\/div><\/div><\/div><\/div><div id=\"saz-block-id-WeJMI91723v6\" class=\"saz-block saz-block-core-heading saz-block-level-array\"><div class=\"container\"><div class=\"row\"><div class=\"col-12 col-lg-8 offset-lg-2\">\n<h3 class=\"wp-block-heading\"><strong>Perch\u00e9 un Assessment Organizzativo oggi?<\/strong>&nbsp;<\/h3>\n<\/div><\/div><\/div><\/div><div id=\"saz-block-id-Hec5uXlTHzZz\" class=\"saz-block saz-block\"><div class=\"container\"><div class=\"row\"><div class=\"col-12 col-lg-8 offset-lg-2\">\n\n<\/div><\/div><\/div><\/div><div id=\"saz-block-id-fmCiKBNjWkCa\" class=\"saz-block saz-block-core-paragraph\"><div class=\"container\"><div class=\"row\"><div class=\"col-12 col-lg-8 offset-lg-2\">\n<p>Spesso le PMI crescono &#8220;per addizione&#8221;, stratificando processi e ruoli che nel tempo perdono efficacia. L&#8217;imprenditore si trova a gestire una complessit\u00e0 crescente senza avere una visione d&#8217;insieme nitida.<br>L&#8217;Assessment SOA risponde a domande critiche:<\/p>\n<\/div><\/div><\/div><\/div><div id=\"saz-block-id-G26EO0KkNlwG\" class=\"saz-block saz-block\"><div class=\"container\"><div class=\"row\"><div class=\"col-12 col-lg-8 offset-lg-2\">\n\n<\/div><\/div><\/div><\/div><div id=\"saz-block-id-6LcZK5mososd\" class=\"saz-block saz-block-core-list\"><div class=\"container\"><div class=\"row\"><div class=\"col-12 col-lg-8 offset-lg-2\">\n<ul class=\"wp-block-list\"><div id=\"saz-block-id-SavvLswe9yUo\" class=\"saz-block saz-block-core-list-item\">\n<li>La mia organizzazione \u00e8 pronta per le sfide future?<\/li>\n<\/div>\n\n<div id=\"saz-block-id-j7pe8wTKpx1p\" class=\"saz-block saz-block-core-list-item\">\n<li>Quali sono i colli di bottiglia che frenano la crescita?<\/li>\n<\/div>\n\n<div id=\"saz-block-id-2AHgjRIiNs4C\" class=\"saz-block saz-block-core-list-item\">\n<li>Le competenze attuali sono adeguate agli obiettivi strategici?<\/li>\n<\/div><\/ul>\n<\/div><\/div><\/div><\/div><div id=\"saz-block-id-HaW5v8Mys0Wh\" class=\"saz-block saz-block\"><div class=\"container\"><div class=\"row\"><div class=\"col-12 col-lg-8 offset-lg-2\">\n\n<\/div><\/div><\/div><\/div><div id=\"saz-block-id-2jbF76IAgt9P\" class=\"saz-block saz-block-core-paragraph\"><div class=\"container\"><div class=\"row\"><div class=\"col-12 col-lg-8 offset-lg-2\">\n<p><\/p>\n<\/div><\/div><\/div><\/div><div id=\"saz-block-id-hoUY0rwglvaH\" class=\"saz-block saz-block\"><div class=\"container\"><div class=\"row\"><div class=\"col-12 col-lg-8 offset-lg-2\">\n\n<\/div><\/div><\/div><\/div><div id=\"saz-block-id-PHy0wrDMYnoN\" class=\"saz-block saz-block-core-heading saz-block-level-array\"><div class=\"container\"><div class=\"row\"><div class=\"col-12 col-lg-8 offset-lg-2\">\n<h3 class=\"wp-block-heading\"><strong>Dall&#8217;analisi all&#8217;azione<\/strong>, <strong>il valore dell&#8217;Assessment<\/strong><\/h3>\n<\/div><\/div><\/div><\/div><div id=\"saz-block-id-N1lPQCwgIo6C\" class=\"saz-block saz-block\"><div class=\"container\"><div class=\"row\"><div class=\"col-12 col-lg-8 offset-lg-2\">\n\n<\/div><\/div><\/div><\/div><div id=\"saz-block-id-eXXtqZTFCFHR\" class=\"saz-block saz-block-core-paragraph\"><div class=\"container\"><div class=\"row\"><div class=\"col-12 col-lg-8 offset-lg-2\">\n<p>L&#8217;Assessment Organizzativo SOA non \u00e8 un semplice audit, ma una <strong>fotografia oggettiva e terza<\/strong> dello stato di salute della tua azienda. Attraverso un&#8217;analisi mirata che coinvolge propriet\u00e0 e management, <strong>superiamo le percezioni interne<\/strong> per identificare i reali freni alla crescita e le leve su cui agire subito.<br>In poche settimane, trasformiamo la complessit\u00e0 aziendale in un <strong>piano operativo chiaro<\/strong>, definendo priorit\u00e0 d&#8217;intervento basate su dati e non su sensazioni.<\/p>\n<\/div><\/div><\/div><\/div><div id=\"saz-block-id-II3xttPrkDR2\" class=\"saz-block saz-block\"><div class=\"container\"><div class=\"row\"><div class=\"col-12 col-lg-8 offset-lg-2\">\n\n<\/div><\/div><\/div><\/div><div id=\"saz-block-id-HYek32xFs7vg\" class=\"saz-block saz-block-core-paragraph\"><div class=\"container\"><div class=\"row\"><div class=\"col-12 col-lg-8 offset-lg-2\">\n<p><\/p>\n<\/div><\/div><\/div><\/div><div id=\"saz-block-id-11et8awO0YmB\" class=\"saz-block saz-block\"><div class=\"container\"><div class=\"row\"><div class=\"col-12 col-lg-8 offset-lg-2\">\n\n<\/div><\/div><\/div><\/div><div id=\"saz-block-id-EPGmGjqiH9X7\" class=\"saz-block saz-block-core-heading saz-block-level-array\"><div class=\"container\"><div class=\"row\"><div class=\"col-12 col-lg-8 offset-lg-2\">\n<h3 class=\"wp-block-heading\"><strong>Cosa ottieni con il nostro Assessment<\/strong><\/h3>\n<\/div><\/div><\/div><\/div><div id=\"saz-block-id-hOaDWg8bT9y0\" class=\"saz-block saz-block\"><div class=\"container\"><div class=\"row\"><div class=\"col-12 col-lg-8 offset-lg-2\">\n\n<\/div><\/div><\/div><\/div><div id=\"saz-block-id-3Gq7sA8MADk7\" class=\"saz-block saz-block-core-paragraph\"><div class=\"container\"><div class=\"row\"><div class=\"col-12 col-lg-8 offset-lg-2\">\n<p><\/p>\n<\/div><\/div><\/div><\/div><div id=\"saz-block-id-SqpM63h7bQ6u\" class=\"saz-block saz-block\"><div class=\"container\"><div class=\"row\"><div class=\"col-12 col-lg-8 offset-lg-2\">\n\n<\/div><\/div><\/div><\/div><div id=\"saz-block-id-9PhqdhYZ5vUl\" class=\"saz-block saz-block-core-paragraph\"><div class=\"container\"><div class=\"row\"><div class=\"col-12 col-lg-8 offset-lg-2\">\n<p><strong>1. Chiarezza Organizzativa e Priorit\u00e0<\/strong><\/p>\n<\/div><\/div><\/div><\/div><div id=\"saz-block-id-u7lKVLvzRERK\" class=\"saz-block saz-block\"><div class=\"container\"><div class=\"row\"><div class=\"col-12 col-lg-8 offset-lg-2\">\n\n<\/div><\/div><\/div><\/div><div id=\"saz-block-id-M4q6qXLzpSZs\" class=\"saz-block saz-block-core-paragraph\"><div class=\"container\"><div class=\"row\"><div class=\"col-12 col-lg-8 offset-lg-2\">\n<p>Spesso nelle PMI l&#8217;urgenza quotidiana offusca la visione d&#8217;insieme. Il nostro Assessment restituisce una mappa nitida di come l&#8217;azienda funziona oggi rispetto ai suoi obiettivi strategici, dicendoti in modo inequivocabile quali sono le prime tre cose da fare per sbloccare la crescita.<\/p>\n<\/div><\/div><\/div><\/div><div id=\"saz-block-id-qdjhH0UnhS8t\" class=\"saz-block saz-block\"><div class=\"container\"><div class=\"row\"><div class=\"col-12 col-lg-8 offset-lg-2\">\n\n<\/div><\/div><\/div><\/div><div id=\"saz-block-id-kCuOY9pM7tSo\" class=\"saz-block saz-block-core-paragraph\"><div class=\"container\"><div class=\"row\"><div class=\"col-12 col-lg-8 offset-lg-2\">\n<p><strong>2. Allineamento Totale del Management<\/strong><\/p>\n<\/div><\/div><\/div><\/div><div id=\"saz-block-id-r5YGi6GwNYXn\" class=\"saz-block saz-block\"><div class=\"container\"><div class=\"row\"><div class=\"col-12 col-lg-8 offset-lg-2\">\n\n<\/div><\/div><\/div><\/div><div id=\"saz-block-id-tW4LXarTJIb5\" class=\"saz-block saz-block-core-paragraph\"><div class=\"container\"><div class=\"row\"><div class=\"col-12 col-lg-8 offset-lg-2\">\n<p>Perch\u00e9 la trasformazione funzioni, tutti devono remare nella stessa direzione. Il processo di analisi porta Propriet\u00e0, CEO e prime linee ad acquisire una visione comune e condivisa delle criticit\u00e0 e degli obiettivi. Fondamentale per gestire passaggi generazionali, aperture di nuovi mercati o fasi di rapida espansione.<\/p>\n<\/div><\/div><\/div><\/div><div id=\"saz-block-id-bs9AfIjc6Hvr\" class=\"saz-block saz-block\"><div class=\"container\"><div class=\"row\"><div class=\"col-12 col-lg-8 offset-lg-2\">\n\n<\/div><\/div><\/div><\/div><div id=\"saz-block-id-dVJPvFXmqWJk\" class=\"saz-block saz-block-core-paragraph\"><div class=\"container\"><div class=\"row\"><div class=\"col-12 col-lg-8 offset-lg-2\">\n<p><strong>3. Riduzione dei Rischi Decisionali<\/strong><\/p>\n<\/div><\/div><\/div><\/div><div id=\"saz-block-id-Nf2ZmyZS5AnG\" class=\"saz-block saz-block\"><div class=\"container\"><div class=\"row\"><div class=\"col-12 col-lg-8 offset-lg-2\">\n\n<\/div><\/div><\/div><\/div><div id=\"saz-block-id-Nc3fsKcc3HG8\" class=\"saz-block saz-block-core-paragraph\"><div class=\"container\"><div class=\"row\"><div class=\"col-12 col-lg-8 offset-lg-2\">\n<p>Ogni scelta di investimento \u2013 che sia digitale, strutturale o sulle persone \u2013 viene validata da un&#8217;analisi rigorosa. Evitiamo &#8220;tentativi&#8221; costosi: ogni azione proposta nel piano \u00e8 supportata da evidenze emerse durante la diagnosi delle 9 aree aziendali critiche.<\/p>\n<\/div><\/div><\/div><\/div><div id=\"saz-block-id-I3bM2hOZOD8b\" class=\"saz-block saz-block\"><div class=\"container\"><div class=\"row\"><div class=\"col-12 col-lg-8 offset-lg-2\">\n\n<\/div><\/div><\/div><\/div><div id=\"saz-block-id-NtXHVQdgsLRd\" class=\"saz-block saz-block-core-paragraph\"><div class=\"container\"><div class=\"row\"><div class=\"col-12 col-lg-8 offset-lg-2\">\n<p><strong>4. Accelerazione della Trasformazione<\/strong><\/p>\n<\/div><\/div><\/div><\/div><div id=\"saz-block-id-MU6MeWJZ0r3z\" class=\"saz-block saz-block\"><div class=\"container\"><div class=\"row\"><div class=\"col-12 col-lg-8 offset-lg-2\">\n\n<\/div><\/div><\/div><\/div><div id=\"saz-block-id-4UBcelBaIuGk\" class=\"saz-block saz-block-core-paragraph\"><div class=\"container\"><div class=\"row\"><div class=\"col-12 col-lg-8 offset-lg-2\">\n<p>Non ti lasciamo con un report nel cassetto. L&#8217;output finale \u00e8 una Roadmap operativa a 6-12 mesi immediatamente applicabile, che pu\u00f2 essere accelerata dall&#8217;inserimento di nostri <em>Fractional Manager<\/em> per presidiare l&#8217;esecuzione e garantire che le cose accadano davvero.<\/p>\n<\/div><\/div><\/div><\/div><div id=\"saz-block-id-Fl5Xi8zVshqV\" class=\"saz-block saz-block\"><div class=\"container\"><div class=\"row\"><div class=\"col-12 col-lg-8 offset-lg-2\">\n\n<\/div><\/div><\/div><\/div>\n\n<div id=\"saz-block-block_257c00c2e822b884390c40da71288758\" class=\"saz-block saz-block-acf-blocco-approfondimento  bg-servizi pt-5 pb-4\" style=\"background-color:#ffffff\">\n    <div class=\"container\">\n        <div class=\"row\"> \n            <div class=\"col-12 col-lg-8 offset-lg-2\">\n                                    <div class=\"text-gray has-medium-font-size mb-5\"><p style=\"text-align: center;\">Parla con i nostri esperti per capire come un Assessment Organizzativo pu\u00f2 trasformare il tuo business<\/p>\n<\/div>\n                            <\/div>\n        <\/div>\n                        \n            \n                        \n                <div class=\"row\">\n                    <div class=\"col-12 text-center\">\n                        <a class=\"btn btn-secondary text-white bg-lg mb-4\" href=\"#modalContatto-KiDXJor\" data-toggle=\"modal\" data-target=\"#modalContatto-KiDXJor\">Contattaci ora!<\/a>\n                    <\/div>\n                <\/div>\n        \n                <div id=\"modal-course\">\n                    <div class=\"modal fade mt-5\" id=\"modalContatto-KiDXJor\" tabindex=\"-1\" role=\"dialog\" aria-labelledby=\"myModalLabel\" aria-hidden=\"true\">\n                        <div class=\"modal-dialog\" role=\"document\">\n                            <div class=\"modal-content\">\n                                <div class=\"modal-header d-block\">\n                                    <button type=\"button\" class=\"close\" data-dismiss=\"modal\" aria-label=\"Close\">\n                                        <span aria-hidden=\"true\">&times;<\/span>\n                                    <\/button>\n                                <\/div>\n                                <div class=\"modal-body\">\n                                    \n                                        <div id=\"iscrizione\" class=\"course-meta course-form offset\">\n                                            \n<div class=\"wpcf7 no-js\" id=\"wpcf7-f934-o1\" lang=\"it-IT\" dir=\"ltr\" data-wpcf7-id=\"934\">\n<div class=\"screen-reader-response\"><p role=\"status\" aria-live=\"polite\" aria-atomic=\"true\"><\/p> <ul><\/ul><\/div>\n<form action=\"\/it\/wp-json\/wp\/v2\/pages\/71495#wpcf7-f934-o1\" method=\"post\" class=\"wpcf7-form init\" aria-label=\"Modulo di contatto\" novalidate=\"novalidate\" data-status=\"init\">\n<fieldset class=\"hidden-fields-container\"><input type=\"hidden\" name=\"_wpcf7\" value=\"934\" \/><input type=\"hidden\" name=\"_wpcf7_version\" value=\"6.1.5\" \/><input type=\"hidden\" name=\"_wpcf7_locale\" value=\"it_IT\" \/><input type=\"hidden\" name=\"_wpcf7_unit_tag\" value=\"wpcf7-f934-o1\" \/><input type=\"hidden\" name=\"_wpcf7_container_post\" value=\"0\" \/><input type=\"hidden\" name=\"_wpcf7_posted_data_hash\" value=\"\" \/><input type=\"hidden\" name=\"_wpcf7_recaptcha_response\" value=\"\" \/>\n<\/fieldset>\n<div class=\"agenda\">\n\t<h2>Richiesta informazioni\n\t<\/h2>\n<input class=\"wpcf7-form-control wpcf7-hidden\" id=\"submission_date\" value=\"\" type=\"hidden\" name=\"submission_date\" \/>\n\t<p>Nome *<br \/>\n<span class=\"wpcf7-form-control-wrap\" data-name=\"nome\"><input size=\"40\" maxlength=\"400\" class=\"wpcf7-form-control wpcf7-text wpcf7-validates-as-required form-control\" aria-required=\"true\" aria-invalid=\"false\" value=\"\" type=\"text\" name=\"nome\" \/><\/span><br \/>\nCognome *<br \/>\n<span class=\"wpcf7-form-control-wrap\" data-name=\"cognome\"><input size=\"40\" maxlength=\"400\" class=\"wpcf7-form-control wpcf7-text wpcf7-validates-as-required form-control\" aria-required=\"true\" aria-invalid=\"false\" value=\"\" type=\"text\" name=\"cognome\" \/><\/span><br \/>\nEmail *<br \/>\n<span class=\"wpcf7-form-control-wrap\" data-name=\"email\"><input size=\"40\" maxlength=\"400\" class=\"wpcf7-form-control wpcf7-email wpcf7-validates-as-required wpcf7-text wpcf7-validates-as-email form-control\" aria-required=\"true\" aria-invalid=\"false\" value=\"\" type=\"email\" name=\"email\" \/><\/span><br \/>\nAzienda<br \/>\n<span class=\"wpcf7-form-control-wrap\" data-name=\"azienda\"><input size=\"40\" maxlength=\"400\" class=\"wpcf7-form-control wpcf7-text form-control\" aria-invalid=\"false\" value=\"\" type=\"text\" name=\"azienda\" \/><\/span><br \/>\nRuolo<br \/>\n<span class=\"wpcf7-form-control-wrap\" data-name=\"ruolo\"><input size=\"40\" maxlength=\"400\" class=\"wpcf7-form-control wpcf7-text form-control\" aria-invalid=\"false\" value=\"\" type=\"text\" name=\"ruolo\" \/><\/span><br \/>\nNumero di telefono<br \/>\n<span class=\"wpcf7-form-control-wrap\" data-name=\"telefono\"><input size=\"40\" maxlength=\"400\" class=\"wpcf7-form-control wpcf7-text form-control\" aria-invalid=\"false\" value=\"\" type=\"text\" name=\"telefono\" \/><\/span><br \/>\nCome ci hai conosciuto *<br \/>\n<span class=\"wpcf7-form-control-wrap\" data-name=\"Comecihaitrovato\"><select class=\"wpcf7-form-control wpcf7-select wpcf7-validates-as-required form-control\" aria-required=\"true\" aria-invalid=\"false\" name=\"Comecihaitrovato\"><option value=\"Motori di ricerca (Google, Bing, ecc.)\">Motori di ricerca (Google, Bing, ecc.)<\/option><option value=\"Newsletter o Email\">Newsletter o Email<\/option><option value=\"Social Network (Facebook, Instagram, LinkedIn)\">Social Network (Facebook, Instagram, LinkedIn)<\/option><option value=\"Intelligenza artificiale (ChatGPT, Gemini, ecc.)\">Intelligenza artificiale (ChatGPT, Gemini, ecc.)<\/option><option value=\"Articoli di stampa\">Articoli di stampa<\/option><option value=\"Consiglio di amici o colleghi\">Consiglio di amici o colleghi<\/option><option value=\"Pubblicit\u00e0 online\">Pubblicit\u00e0 online<\/option><\/select><\/span>\n\t<\/p>\n\t<p>Messaggio *<br \/>\n<span class=\"wpcf7-form-control-wrap\" data-name=\"messaggio\"><textarea cols=\"40\" rows=\"4\" maxlength=\"2000\" class=\"wpcf7-form-control wpcf7-textarea wpcf7-validates-as-required form-control\" aria-required=\"true\" aria-invalid=\"false\" name=\"messaggio\"><\/textarea><\/span>\n\t<\/p>\n<\/div>\n<div class=\"checkbox-form\">\n\t<div class=\"d-flex\">\n\t\t<div class=\"checkbox-form has-extrasmall-font-size\">\n\t\t\t<p><span class=\"wpcf7-form-control-wrap\" data-name=\"privacy-consent\"><span class=\"wpcf7-form-control wpcf7-acceptance\"><span class=\"wpcf7-list-item\"><label><input type=\"checkbox\" name=\"privacy-consent\" value=\"1\" aria-invalid=\"false\" \/><span class=\"wpcf7-list-item-label\"><strong>Espressione del consenso al trattamento dei dati personali<\/strong><br>Autorizzo il trattamento dei dati personali da me conferiti per le finalit\u00e0 e nei limiti <a href=\"https:\/\/www.bonfiglioliconsulting.com\/it\/informativa-sulla-privacy\/\" target=\"_blank\" rel=\"noreferrer noopener\">indicati nell\u2019informativa<\/a>, conformemente a quanto previsto dall\u2019articolo 13 del Decreto Legislativo 30 giugno 2003, n. 196 (\u201cCodice in materia di protezione dei dati personali\u201d) e dall\u2019articolo 13 del Regolamento (UE) 2016\/679 (\u201cRegolamento Generale sulla Protezione dei Dati\u201d).<\/span><\/label><\/span><\/span><\/span>\n\t\t\t<\/p>\n\t\t<\/div>\n\t<\/div>\n\t<div class=\"d-flex\">\n\t\t<div class=\"checkbox-form has-extrasmall-font-size\">\n\t\t\t<p><span class=\"wpcf7-form-control-wrap\" data-name=\"newsletter-consent\"><span class=\"wpcf7-form-control wpcf7-acceptance optional\"><span class=\"wpcf7-list-item\"><label><input type=\"checkbox\" name=\"newsletter-consent\" value=\"1\" aria-invalid=\"false\" \/><span class=\"wpcf7-list-item-label\"><strong>Consenso comunicazioni ed inviti (facoltativo)<\/strong><br>Acconsento a ricevere comunicazioni ed inviti da parte del Gruppo Bonfiglioli Consulting.<\/span><\/label><\/span><\/span><\/span>\n\t\t\t<\/p>\n\t\t<\/div>\n\t<\/div>\n<\/div>\n<p><input class=\"wpcf7-form-control wpcf7-submit has-spinner btn btn-blu\" type=\"submit\" value=\"Richiedi informazioni\" \/>\n<\/p><div class=\"wpcf7-response-output\" aria-hidden=\"true\"><\/div>\n<\/form>\n<\/div>\n                                        <\/div>\n\n                                                                    <\/div>\n                            <\/div>\n                        <\/div>\n                    <\/div>\n                <\/div>\n        \n                    \n    <\/div>\n<\/div>","protected":false},"excerpt":{"rendered":null,"protected":false},"author":9,"featured_media":67630,"parent":16555,"menu_order":0,"comment_status":"closed","ping_status":"closed","template":"template-wide-blocchi.php","meta":{"_acf_changed":false,"footnotes":""},"tags":[],"class_list":["post-71495","page","type-page","status-publish","has-post-thumbnail","hentry"],"acf":[],"yoast_head":"<!-- This site is optimized with the Yoast SEO plugin v27.5 - https:\/\/yoast.com\/product\/yoast-seo-wordpress\/ -->\n<title>Assessment Organizzativo PMI | Bonfiglioli Consulting<\/title>\n<meta name=\"description\" content=\"Scopri l&#039;assessment organizzativo per PMI: una fotografia oggettiva per guidare la crescita e la continuit\u00e0 aziendale.\" \/>\n<meta name=\"robots\" content=\"index, follow, max-snippet:-1, max-image-preview:large, max-video-preview:-1\" \/>\n<link rel=\"canonical\" href=\"https:\/\/www.bonfiglioliconsulting.com\/it\/servizi\/assessment-organizzativo-per-pmi\/\" \/>\n<meta property=\"og:locale\" content=\"it_IT\" \/>\n<meta property=\"og:type\" content=\"article\" \/>\n<meta property=\"og:title\" content=\"Assessment Organizzativo PMI | Bonfiglioli Consulting\" \/>\n<meta property=\"og:description\" content=\"Scopri l&#039;assessment organizzativo per PMI: una fotografia oggettiva per guidare la crescita e la continuit\u00e0 aziendale.\" \/>\n<meta property=\"og:url\" content=\"https:\/\/www.bonfiglioliconsulting.com\/it\/servizi\/assessment-organizzativo-per-pmi\/\" \/>\n<meta property=\"og:site_name\" content=\"Bonfiglioli Consulting\" \/>\n<meta property=\"article:modified_time\" content=\"2026-01-23T11:38:37+00:00\" \/>\n<meta property=\"og:image\" content=\"https:\/\/www.bonfiglioliconsulting.com\/wp-content\/uploads\/2025\/05\/temporary.jpg\" \/>\n\t<meta property=\"og:image:width\" content=\"1280\" \/>\n\t<meta property=\"og:image:height\" content=\"492\" \/>\n\t<meta property=\"og:image:type\" content=\"image\/jpeg\" \/>\n<meta name=\"twitter:card\" content=\"summary_large_image\" \/>\n<meta name=\"twitter:label1\" content=\"Tempo di lettura stimato\" \/>\n\t<meta name=\"twitter:data1\" content=\"2 minuti\" \/>\n<script type=\"application\/ld+json\" class=\"yoast-schema-graph\">{\"@context\":\"https:\\\/\\\/schema.org\",\"@graph\":[{\"@type\":\"WebPage\",\"@id\":\"https:\\\/\\\/www.bonfiglioliconsulting.com\\\/servizi\\\/assessment-organizzativo-per-pmi\\\/\",\"url\":\"https:\\\/\\\/www.bonfiglioliconsulting.com\\\/servizi\\\/assessment-organizzativo-per-pmi\\\/\",\"name\":\"Assessment Organizzativo PMI | Bonfiglioli Consulting\",\"isPartOf\":{\"@id\":\"https:\\\/\\\/www.bonfiglioliconsulting.com\\\/it\\\/#website\"},\"primaryImageOfPage\":{\"@id\":\"https:\\\/\\\/www.bonfiglioliconsulting.com\\\/servizi\\\/assessment-organizzativo-per-pmi\\\/#primaryimage\"},\"image\":{\"@id\":\"https:\\\/\\\/www.bonfiglioliconsulting.com\\\/servizi\\\/assessment-organizzativo-per-pmi\\\/#primaryimage\"},\"thumbnailUrl\":\"https:\\\/\\\/www.bonfiglioliconsulting.com\\\/wp-content\\\/uploads\\\/2025\\\/05\\\/temporary.jpg\",\"datePublished\":\"2026-01-14T12:11:48+00:00\",\"dateModified\":\"2026-01-23T11:38:37+00:00\",\"description\":\"Scopri l'assessment organizzativo per PMI: una fotografia oggettiva per guidare la crescita e la continuit\u00e0 aziendale.\",\"inLanguage\":\"it-IT\",\"potentialAction\":[{\"@type\":\"ReadAction\",\"target\":[\"https:\\\/\\\/www.bonfiglioliconsulting.com\\\/servizi\\\/assessment-organizzativo-per-pmi\\\/\"]}]},{\"@type\":\"ImageObject\",\"inLanguage\":\"it-IT\",\"@id\":\"https:\\\/\\\/www.bonfiglioliconsulting.com\\\/servizi\\\/assessment-organizzativo-per-pmi\\\/#primaryimage\",\"url\":\"https:\\\/\\\/www.bonfiglioliconsulting.com\\\/wp-content\\\/uploads\\\/2025\\\/05\\\/temporary.jpg\",\"contentUrl\":\"https:\\\/\\\/www.bonfiglioliconsulting.com\\\/wp-content\\\/uploads\\\/2025\\\/05\\\/temporary.jpg\",\"width\":1280,\"height\":492,\"caption\":\"Uno sfondo blu astratto con linee morbide e ondulate e gradienti crea un effetto visivo fluido e sereno, perfetto per temi correlati alla gestione frazionata o alla gestione temporanea, evocando profondit\u00e0, movimento e professionalit\u00e0 moderna.\"},{\"@type\":\"WebSite\",\"@id\":\"https:\\\/\\\/www.bonfiglioliconsulting.com\\\/it\\\/#website\",\"url\":\"https:\\\/\\\/www.bonfiglioliconsulting.com\\\/it\\\/\",\"name\":\"Bonfiglioli Consulting\",\"description\":\"\",\"potentialAction\":[{\"@type\":\"SearchAction\",\"target\":{\"@type\":\"EntryPoint\",\"urlTemplate\":\"https:\\\/\\\/www.bonfiglioliconsulting.com\\\/it\\\/?s={search_term_string}\"},\"query-input\":{\"@type\":\"PropertyValueSpecification\",\"valueRequired\":true,\"valueName\":\"search_term_string\"}}],\"inLanguage\":\"it-IT\"}]}<\/script>\n<!-- \/ Yoast SEO plugin. -->","yoast_head_json":{"title":"Assessment Organizzativo PMI | Bonfiglioli Consulting","description":"Scopri l'assessment organizzativo per PMI: una fotografia oggettiva per guidare la crescita e la continuit\u00e0 aziendale.","robots":{"index":"index","follow":"follow","max-snippet":"max-snippet:-1","max-image-preview":"max-image-preview:large","max-video-preview":"max-video-preview:-1"},"canonical":"https:\/\/www.bonfiglioliconsulting.com\/it\/servizi\/assessment-organizzativo-per-pmi\/","og_locale":"it_IT","og_type":"article","og_title":"Assessment Organizzativo PMI | Bonfiglioli Consulting","og_description":"Scopri l'assessment organizzativo per PMI: una fotografia oggettiva per guidare la crescita e la continuit\u00e0 aziendale.","og_url":"https:\/\/www.bonfiglioliconsulting.com\/it\/servizi\/assessment-organizzativo-per-pmi\/","og_site_name":"Bonfiglioli Consulting","article_modified_time":"2026-01-23T11:38:37+00:00","og_image":[{"width":1280,"height":492,"url":"https:\/\/www.bonfiglioliconsulting.com\/wp-content\/uploads\/2025\/05\/temporary.jpg","type":"image\/jpeg"}],"twitter_card":"summary_large_image","twitter_misc":{"Tempo di lettura stimato":"2 minuti"},"schema":{"@context":"https:\/\/schema.org","@graph":[{"@type":"WebPage","@id":"https:\/\/www.bonfiglioliconsulting.com\/servizi\/assessment-organizzativo-per-pmi\/","url":"https:\/\/www.bonfiglioliconsulting.com\/servizi\/assessment-organizzativo-per-pmi\/","name":"Assessment Organizzativo PMI | Bonfiglioli Consulting","isPartOf":{"@id":"https:\/\/www.bonfiglioliconsulting.com\/it\/#website"},"primaryImageOfPage":{"@id":"https:\/\/www.bonfiglioliconsulting.com\/servizi\/assessment-organizzativo-per-pmi\/#primaryimage"},"image":{"@id":"https:\/\/www.bonfiglioliconsulting.com\/servizi\/assessment-organizzativo-per-pmi\/#primaryimage"},"thumbnailUrl":"https:\/\/www.bonfiglioliconsulting.com\/wp-content\/uploads\/2025\/05\/temporary.jpg","datePublished":"2026-01-14T12:11:48+00:00","dateModified":"2026-01-23T11:38:37+00:00","description":"Scopri l'assessment organizzativo per PMI: una fotografia oggettiva per guidare la crescita e la continuit\u00e0 aziendale.","inLanguage":"it-IT","potentialAction":[{"@type":"ReadAction","target":["https:\/\/www.bonfiglioliconsulting.com\/servizi\/assessment-organizzativo-per-pmi\/"]}]},{"@type":"ImageObject","inLanguage":"it-IT","@id":"https:\/\/www.bonfiglioliconsulting.com\/servizi\/assessment-organizzativo-per-pmi\/#primaryimage","url":"https:\/\/www.bonfiglioliconsulting.com\/wp-content\/uploads\/2025\/05\/temporary.jpg","contentUrl":"https:\/\/www.bonfiglioliconsulting.com\/wp-content\/uploads\/2025\/05\/temporary.jpg","width":1280,"height":492,"caption":"Uno sfondo blu astratto con linee morbide e ondulate e gradienti crea un effetto visivo fluido e sereno, perfetto per temi correlati alla gestione frazionata o alla gestione temporanea, evocando profondit\u00e0, movimento e professionalit\u00e0 moderna."},{"@type":"WebSite","@id":"https:\/\/www.bonfiglioliconsulting.com\/it\/#website","url":"https:\/\/www.bonfiglioliconsulting.com\/it\/","name":"Bonfiglioli Consulting","description":"","potentialAction":[{"@type":"SearchAction","target":{"@type":"EntryPoint","urlTemplate":"https:\/\/www.bonfiglioliconsulting.com\/it\/?s={search_term_string}"},"query-input":{"@type":"PropertyValueSpecification","valueRequired":true,"valueName":"search_term_string"}}],"inLanguage":"it-IT"}]}},"_links":{"self":[{"href":"https:\/\/www.bonfiglioliconsulting.com\/it\/wp-json\/wp\/v2\/pages\/71495","targetHints":{"allow":["GET"]}}],"collection":[{"href":"https:\/\/www.bonfiglioliconsulting.com\/it\/wp-json\/wp\/v2\/pages"}],"about":[{"href":"https:\/\/www.bonfiglioliconsulting.com\/it\/wp-json\/wp\/v2\/types\/page"}],"author":[{"embeddable":true,"href":"https:\/\/www.bonfiglioliconsulting.com\/it\/wp-json\/wp\/v2\/users\/9"}],"replies":[{"embeddable":true,"href":"https:\/\/www.bonfiglioliconsulting.com\/it\/wp-json\/wp\/v2\/comments?post=71495"}],"version-history":[{"count":7,"href":"https:\/\/www.bonfiglioliconsulting.com\/it\/wp-json\/wp\/v2\/pages\/71495\/revisions"}],"predecessor-version":[{"id":71642,"href":"https:\/\/www.bonfiglioliconsulting.com\/it\/wp-json\/wp\/v2\/pages\/71495\/revisions\/71642"}],"up":[{"embeddable":true,"href":"https:\/\/www.bonfiglioliconsulting.com\/it\/wp-json\/wp\/v2\/pages\/16555"}],"wp:featuredmedia":[{"embeddable":true,"href":"https:\/\/www.bonfiglioliconsulting.com\/it\/wp-json\/wp\/v2\/media\/67630"}],"wp:attachment":[{"href":"https:\/\/www.bonfiglioliconsulting.com\/it\/wp-json\/wp\/v2\/media?parent=71495"}],"wp:term":[{"taxonomy":"post_tag","embeddable":true,"href":"https:\/\/www.bonfiglioliconsulting.com\/it\/wp-json\/wp\/v2\/tags?post=71495"}],"curies":[{"name":"wp","href":"https:\/\/api.w.org\/{rel}","templated":true}]}}